{"id":14,"date":"2011-08-30T14:47:07","date_gmt":"2011-08-30T17:47:07","guid":{"rendered":"http:\/\/cdlsurubim.com.br\/site\/?page_id=14"},"modified":"2024-05-29T14:34:25","modified_gmt":"2024-05-29T17:34:25","slug":"diretoria","status":"publish","type":"page","link":"https:\/\/cdlsurubim.com.br\/site\/diretoria\/","title":{"rendered":"Diretoria"},"content":{"rendered":"<h1 align=\"center\"><strong><span style=\"font-family: Times New Roman;\">DIRETORIA TRI\u00caNIO 2024\/2026<\/span><\/strong><\/h1>\n<p><img loading=\"lazy\" decoding=\"async\" class=\"aligncenter\" src=\"https:\/\/cdlsurubim.com.br\/site\/wp-content\/uploads\/2024\/02\/CDL-Surubim-realiza-posse-da-nova-diretoria-2024-2026.jpg\" alt=\"\" width=\"741\" height=\"556\" \/><\/p>\n<p>&nbsp;<\/p>\n<h1 align=\"center\"><\/h1>\n<p><strong>Presidente:<\/strong>\u00a0\u00c1lvaro Ricardo Andrade Silva<\/p>\n<p><strong>Vice-Presidente:<\/strong>\u00a0Alcides de Sousa Leal Filho<\/p>\n<p><strong>2\u00ba Vice-Presidente:<\/strong>\u00a0Irnalva Lucinda Lucena<\/p>\n<p><strong>Diretor Administrativo:<\/strong>\u00a0Il\u00e1rio Ant\u00f4nio do Nascimento Pio<\/p>\n<p><strong>Vice-Diretor Administrativo:<\/strong>\u00a0Roberta Keila de\u00a0Aguiar e Silva Queiroz.<\/p>\n<p><strong>Diretor 1\u00ba Secret\u00e1rio:<\/strong>\u00a0Daniel dos Santos Sales<\/p>\n<p><strong>Diretor 2\u00ba Secret\u00e1rio:<\/strong>\u00a0Roberto do Nascimento Mateus<\/p>\n<p><strong>Diretor de SPC:<\/strong>\u00a0Carlos Eduardo N\u00f3brega Albuquerque<\/p>\n<p><strong>Diretor de Marketing:<\/strong>\u00a0Evalda Virg\u00ednia do Nascimento do Pio<\/p>\n<p><strong>\u00a0Diretor de Eventos:<\/strong>\u00a0Edson Henrique da Silva<\/p>\n<p><strong>Conselho Fiscal:<\/strong>\u00a0Jos\u00e9 Arn\u00f3bio Barbosa Lima, L\u00edvio Aguiar de Arruda, Avanilson Mariano Silva.<\/p>\n<p><strong>Suplentes:<\/strong>\u00a0Ana Meirilane de Fran\u00e7a, Severina Elaine Barros da Silva, Jos\u00e9 Everaldo Arruda da Silva.<\/p>\n<p>&nbsp;<\/p>\n","protected":false},"excerpt":{"rendered":"<p>DIRETORIA TRI\u00caNIO 2024\/2026 &nbsp; Presidente:\u00a0\u00c1lvaro Ricardo Andrade Silva Vice-Presidente:\u00a0Alcides de Sousa Leal Filho 2\u00ba Vice-Presidente:\u00a0Irnalva Lucinda Lucena Diretor Administrativo:\u00a0Il\u00e1rio Ant\u00f4nio do Nascimento Pio Vice-Diretor Administrativo:\u00a0Roberta Keila de\u00a0Aguiar e Silva Queiroz. Diretor 1\u00ba Secret\u00e1rio:\u00a0Daniel dos Santos Sales Diretor 2\u00ba Secret\u00e1rio:\u00a0Roberto do Nascimento Mateus Diretor de SPC:\u00a0Carlos Eduardo N\u00f3brega [&hellip;]<\/p>\n","protected":false},"author":1,"featured_media":0,"parent":0,"menu_order":0,"comment_status":"closed","ping_status":"open","template":"","meta":{"footnotes":""},"class_list":["post-14","page","type-page","status-publish","hentry"],"_links":{"self":[{"href":"https:\/\/cdlsurubim.com.br\/site\/wp-json\/wp\/v2\/pages\/14","targetHints":{"allow":["GET"]}}],"collection":[{"href":"https:\/\/cdlsurubim.com.br\/site\/wp-json\/wp\/v2\/pages"}],"about":[{"href":"https:\/\/cdlsurubim.com.br\/site\/wp-json\/wp\/v2\/types\/page"}],"author":[{"embeddable":true,"href":"https:\/\/cdlsurubim.com.br\/site\/wp-json\/wp\/v2\/users\/1"}],"replies":[{"embeddable":true,"href":"https:\/\/cdlsurubim.com.br\/site\/wp-json\/wp\/v2\/comments?post=14"}],"version-history":[{"count":16,"href":"https:\/\/cdlsurubim.com.br\/site\/wp-json\/wp\/v2\/pages\/14\/revisions"}],"predecessor-version":[{"id":3518,"href":"https:\/\/cdlsurubim.com.br\/site\/wp-json\/wp\/v2\/pages\/14\/revisions\/3518"}],"wp:attachment":[{"href":"https:\/\/cdlsurubim.com.br\/site\/wp-json\/wp\/v2\/media?parent=14"}],"curies":[{"name":"wp","href":"https:\/\/api.w.org\/{rel}","templated":true}]}}